{"id":988585,"date":"2022-08-02T08:40:36","date_gmt":"2022-08-02T07:40:36","guid":{"rendered":"https:\/\/rencel.si\/?page_id=988585"},"modified":"2023-01-24T13:05:20","modified_gmt":"2023-01-24T12:05:20","slug":"news-2","status":"publish","type":"page","link":"http:\/\/rencel.si\/en\/news-2\/","title":{"rendered":"News"},"content":{"rendered":"<div data-elementor-type=\"wp-page\" data-elementor-id=\"988585\" class=\"elementor elementor-988585\">\n\t\t\t\t\t\t<section class=\"elementor-section elementor-top-section elementor-element elementor-element-4a7a3e0 elementor-section-height-min-height elementor-section-content-bottom elementor-section-boxed elementor-section-height-default elementor-section-items-middle\" data-id=\"4a7a3e0\" data-element_type=\"section\" data-e-type=\"section\" data-settings=\"{&quot;background_background&quot;:&quot;classic&quot;}\">\n\t\t\t\t\t\t\t<div class=\"elementor-background-overlay\"><\/div>\n\t\t\t\t\t\t\t<div class=\"elementor-container elementor-column-gap-default\">\n\t\t\t\t\t<div class=\"elementor-column elementor-col-100 elementor-top-column elementor-element elementor-element-b64d6fc\" data-id=\"b64d6fc\" data-element_type=\"column\" data-e-type=\"column\">\n\t\t\t<div class=\"elementor-widget-wrap elementor-element-populated\">\n\t\t\t\t\t\t<div class=\"elementor-element elementor-element-5683f6b animated-slow elementor-invisible elementor-widget elementor-widget-heading\" data-id=\"5683f6b\" data-element_type=\"widget\" data-e-type=\"widget\" data-settings=\"{&quot;_animation&quot;:&quot;fadeInDown&quot;}\" data-widget_type=\"heading.default\">\n\t\t\t\t<div class=\"elementor-widget-container\">\n\t\t\t\t\t<h2 class=\"elementor-heading-title elementor-size-default\">News<\/h2>\t\t\t\t<\/div>\n\t\t\t\t<\/div>\n\t\t\t\t\t<\/div>\n\t\t<\/div>\n\t\t\t\t\t<\/div>\n\t\t<\/section>\n\t\t\t\t<section class=\"elementor-section elementor-top-section elementor-element elementor-element-6436358 elementor-section-boxed elementor-section-height-default elementor-section-height-default\" data-id=\"6436358\" data-element_type=\"section\" data-e-type=\"section\">\n\t\t\t\t\t\t<div class=\"elementor-container elementor-column-gap-default\">\n\t\t\t\t\t<div class=\"elementor-column elementor-col-100 elementor-top-column elementor-element elementor-element-2e3ea40\" data-id=\"2e3ea40\" data-element_type=\"column\" data-e-type=\"column\">\n\t\t\t<div class=\"elementor-widget-wrap elementor-element-populated\">\n\t\t\t\t\t\t<div class=\"elementor-element elementor-element-55c2dcf elementor-posts--align-left elementor-grid-3 elementor-grid-tablet-2 elementor-grid-mobile-1 elementor-posts--thumbnail-top elementor-invisible elementor-widget elementor-widget-posts\" data-id=\"55c2dcf\" data-element_type=\"widget\" data-e-type=\"widget\" data-settings=\"{&quot;classic_row_gap&quot;:{&quot;unit&quot;:&quot;px&quot;,&quot;size&quot;:30,&quot;sizes&quot;:[]},&quot;_animation&quot;:&quot;fadeIn&quot;,&quot;classic_columns&quot;:&quot;3&quot;,&quot;classic_columns_tablet&quot;:&quot;2&quot;,&quot;classic_columns_mobile&quot;:&quot;1&quot;,&quot;classic_row_gap_tablet&quot;:{&quot;unit&quot;:&quot;px&quot;,&quot;size&quot;:&quot;&quot;,&quot;sizes&quot;:[]},&quot;classic_row_gap_mobile&quot;:{&quot;unit&quot;:&quot;px&quot;,&quot;size&quot;:&quot;&quot;,&quot;sizes&quot;:[]}}\" data-widget_type=\"posts.classic\">\n\t\t\t\t<div class=\"elementor-widget-container\">\n\t\t\t\t\t\t\t<div class=\"elementor-posts-container elementor-posts elementor-posts--skin-classic elementor-grid\">\n\t\t\t\t<article class=\"elementor-post elementor-grid-item post-989003 post type-post status-publish format-standard has-post-thumbnail hentry category-latest-news category-wine-recommendations\">\n\t\t\t\t<a class=\"elementor-post__thumbnail__link\" href=\"http:\/\/rencel.si\/en\/2023\/01\/25\/22-assaggio-divino-trieste\/\" >\n\t\t\t<div class=\"elementor-post__thumbnail\"><img fetchpriority=\"high\" decoding=\"async\" width=\"768\" height=\"404\" src=\"http:\/\/rencel.si\/wp-content\/uploads\/2023\/01\/SLOW-FOOD-TRIESTE-768x404.jpg\" class=\"attachment-medium_large size-medium_large wp-image-989004\" alt=\"\" srcset=\"http:\/\/rencel.si\/wp-content\/uploads\/2023\/01\/SLOW-FOOD-TRIESTE-768x404.jpg 768w, http:\/\/rencel.si\/wp-content\/uploads\/2023\/01\/SLOW-FOOD-TRIESTE-300x158.jpg 300w, http:\/\/rencel.si\/wp-content\/uploads\/2023\/01\/SLOW-FOOD-TRIESTE-1024x539.jpg 1024w, http:\/\/rencel.si\/wp-content\/uploads\/2023\/01\/SLOW-FOOD-TRIESTE-18x9.jpg 18w, http:\/\/rencel.si\/wp-content\/uploads\/2023\/01\/SLOW-FOOD-TRIESTE-800x421.jpg 800w, http:\/\/rencel.si\/wp-content\/uploads\/2023\/01\/SLOW-FOOD-TRIESTE-400x211.jpg 400w, http:\/\/rencel.si\/wp-content\/uploads\/2023\/01\/SLOW-FOOD-TRIESTE.jpg 1124w\" sizes=\"(max-width: 768px) 100vw, 768px\" \/><\/div>\n\t\t<\/a>\n\t\t\t\t<div class=\"elementor-post__text\">\n\t\t\t\t<h3 class=\"elementor-post__title\">\n\t\t\t<a href=\"http:\/\/rencel.si\/en\/2023\/01\/25\/22-assaggio-divino-trieste\/\" >\n\t\t\t\t22\u00b0 Assaggio Divino - Trieste\t\t\t<\/a>\n\t\t<\/h3>\n\t\t\t\t<div class=\"elementor-post__meta-data\">\n\t\t\t\t\t<span class=\"elementor-post-date\">\n\t\t\t25.01.23\t\t<\/span>\n\t\t\t\t<\/div>\n\t\t\t\t<div class=\"elementor-post__excerpt\">\n\t\t\t<p>22\u00b0 ASSAGGIO DIVINO \u2013 TRST Datum:&nbsp;Nedelja, 12. februar 2023Urnik:&nbsp; 14.30 &#8211; 20.00Kraj:&nbsp; Savoia Excelsior Palace Trst Facebook dogodek: https:\/\/www.facebook.com\/slowfoodtrieste Vabljeni<\/p>\n\t\t<\/div>\n\t\t\t\t<\/div>\n\t\t\t\t<\/article>\n\t\t\t\t<article class=\"elementor-post elementor-grid-item post-987866 post type-post status-publish format-standard has-post-thumbnail hentry category-latest-news category-wine-recommendations\">\n\t\t\t\t<a class=\"elementor-post__thumbnail__link\" href=\"http:\/\/rencel.si\/en\/2022\/05\/18\/%cb%9dpri-josku-rencelu%cb%9d\/\" >\n\t\t\t<div class=\"elementor-post__thumbnail\"><img decoding=\"async\" width=\"768\" height=\"486\" src=\"http:\/\/rencel.si\/wp-content\/uploads\/2022\/05\/23A0712-02-768x486.jpg\" class=\"attachment-medium_large size-medium_large wp-image-987666\" alt=\"\" srcset=\"http:\/\/rencel.si\/wp-content\/uploads\/2022\/05\/23A0712-02-768x486.jpg 768w, http:\/\/rencel.si\/wp-content\/uploads\/2022\/05\/23A0712-02-400x253.jpg 400w, http:\/\/rencel.si\/wp-content\/uploads\/2022\/05\/23A0712-02-800x506.jpg 800w, http:\/\/rencel.si\/wp-content\/uploads\/2022\/05\/23A0712-02-300x190.jpg 300w, http:\/\/rencel.si\/wp-content\/uploads\/2022\/05\/23A0712-02-1024x648.jpg 1024w, http:\/\/rencel.si\/wp-content\/uploads\/2022\/05\/23A0712-02-18x12.jpg 18w, http:\/\/rencel.si\/wp-content\/uploads\/2022\/05\/23A0712-02-630x399.jpg 630w, http:\/\/rencel.si\/wp-content\/uploads\/2022\/05\/23A0712-02-1260x797.jpg 1260w, http:\/\/rencel.si\/wp-content\/uploads\/2022\/05\/23A0712-02.jpg 1500w\" sizes=\"(max-width: 768px) 100vw, 768px\" \/><\/div>\n\t\t<\/a>\n\t\t\t\t<div class=\"elementor-post__text\">\n\t\t\t\t<h3 class=\"elementor-post__title\">\n\t\t\t<a href=\"http:\/\/rencel.si\/en\/2022\/05\/18\/%cb%9dpri-josku-rencelu%cb%9d\/\" >\n\t\t\t\t\u02ddAt Jo\u0161ko Ren\u010del\u02dd\t\t\t<\/a>\n\t\t<\/h3>\n\t\t\t\t<div class=\"elementor-post__meta-data\">\n\t\t\t\t\t<span class=\"elementor-post-date\">\n\t\t\t18.05.22\t\t<\/span>\n\t\t\t\t<\/div>\n\t\t\t\t<div class=\"elementor-post__excerpt\">\n\t\t\t<p>\u02dd A wine tasting prepared by Jo\u0161ko Ren\u010del is something you will never forget for the rest of your life. With the vertical of their wines\".<\/p>\n\t\t<\/div>\n\t\t\t\t<\/div>\n\t\t\t\t<\/article>\n\t\t\t\t<article class=\"elementor-post elementor-grid-item post-987863 post type-post status-publish format-standard has-post-thumbnail hentry category-wine-recommendations\">\n\t\t\t\t<a class=\"elementor-post__thumbnail__link\" href=\"http:\/\/rencel.si\/en\/2022\/05\/18\/wine-of-the-week-sauvignon-2013-rencel\/\" >\n\t\t\t<div class=\"elementor-post__thumbnail\"><img decoding=\"async\" width=\"768\" height=\"575\" src=\"http:\/\/rencel.si\/wp-content\/uploads\/2022\/07\/rencel-wine-e1657706068289-768x575.jpg\" class=\"attachment-medium_large size-medium_large wp-image-988532\" alt=\"\" srcset=\"http:\/\/rencel.si\/wp-content\/uploads\/2022\/07\/rencel-wine-e1657706068289-768x575.jpg 768w, http:\/\/rencel.si\/wp-content\/uploads\/2022\/07\/rencel-wine-e1657706068289-300x225.jpg 300w, http:\/\/rencel.si\/wp-content\/uploads\/2022\/07\/rencel-wine-e1657706068289-1024x767.jpg 1024w, http:\/\/rencel.si\/wp-content\/uploads\/2022\/07\/rencel-wine-e1657706068289-16x12.jpg 16w, http:\/\/rencel.si\/wp-content\/uploads\/2022\/07\/rencel-wine-e1657706068289-800x599.jpg 800w, http:\/\/rencel.si\/wp-content\/uploads\/2022\/07\/rencel-wine-e1657706068289-400x299.jpg 400w, http:\/\/rencel.si\/wp-content\/uploads\/2022\/07\/rencel-wine-e1657706068289.jpg 1201w\" sizes=\"(max-width: 768px) 100vw, 768px\" \/><\/div>\n\t\t<\/a>\n\t\t\t\t<div class=\"elementor-post__text\">\n\t\t\t\t<h3 class=\"elementor-post__title\">\n\t\t\t<a href=\"http:\/\/rencel.si\/en\/2022\/05\/18\/wine-of-the-week-sauvignon-2013-rencel\/\" >\n\t\t\t\tWine of the week: sauvignon 2013, Ren\u010del\t\t\t<\/a>\n\t\t<\/h3>\n\t\t\t\t<div class=\"elementor-post__meta-data\">\n\t\t\t\t\t<span class=\"elementor-post-date\">\n\t\t\t18.05.22\t\t<\/span>\n\t\t\t\t<\/div>\n\t\t\t\t<div class=\"elementor-post__excerpt\">\n\t\t\t<p>Rocket fuel from the karst mine. Variety: 100% sauvignon. Year: 2013. Sugar level: dry. Alcohol level: 14% vol. Country: Primorska. Environment: Karst. Location of the cellar:<\/p>\n\t\t<\/div>\n\t\t\t\t<\/div>\n\t\t\t\t<\/article>\n\t\t\t\t<\/div>\n\n\n\t\t\n\t\t\t\t\t\t<\/div>\n\t\t\t\t<\/div>\n\t\t\t\t\t<\/div>\n\t\t<\/div>\n\t\t\t\t\t<\/div>\n\t\t<\/section>\n\t\t\t\t<\/div>","protected":false},"excerpt":{"rendered":"","protected":false},"author":1,"featured_media":0,"parent":0,"menu_order":0,"comment_status":"closed","ping_status":"closed","template":"","meta":{"footnotes":""},"class_list":["post-988585","page","type-page","status-publish","hentry"],"yoast_head":"<!-- This site is optimized with the Yoast SEO plugin v27.1.1 - https:\/\/yoast.com\/product\/yoast-seo-wordpress\/ -->\n<title>News - Ren\u010del<\/title>\n<meta name=\"description\" content=\"At Jo\u0161ko Ren\u010del. A wine tasting prepared by Jo\u0161ko Ren\u010del is something you will never forget for the rest of your life. With the vertical of their wines&quot;.\" \/>\n<meta name=\"robots\" content=\"index, follow, max-snippet:-1, max-image-preview:large, max-video-preview:-1\" \/>\n<link rel=\"canonical\" href=\"http:\/\/rencel.si\/en\/news-2\/\" \/>\n<meta property=\"og:locale\" content=\"en_GB\" \/>\n<meta property=\"og:type\" content=\"article\" \/>\n<meta property=\"og:title\" content=\"News - Ren\u010del\" \/>\n<meta property=\"og:description\" content=\"At Jo\u0161ko Ren\u010del. A wine tasting prepared by Jo\u0161ko Ren\u010del is something you will never forget for the rest of your life. With the vertical of their wines&quot;.\" \/>\n<meta property=\"og:url\" content=\"http:\/\/rencel.si\/en\/news-2\/\" \/>\n<meta property=\"og:site_name\" content=\"Ren\u010del\" \/>\n<meta property=\"article:publisher\" content=\"https:\/\/www.facebook.com\/rencelwines\/\" \/>\n<meta property=\"article:modified_time\" content=\"2023-01-24T12:05:20+00:00\" \/>\n<meta property=\"og:image\" content=\"http:\/\/rencel.si\/wp-content\/uploads\/2022\/07\/rencel-wine-e1657706068289.jpg\" \/>\n\t<meta property=\"og:image:width\" content=\"1201\" \/>\n\t<meta property=\"og:image:height\" content=\"899\" \/>\n\t<meta property=\"og:image:type\" content=\"image\/jpeg\" \/>\n<meta name=\"twitter:card\" content=\"summary_large_image\" \/>\n<script type=\"application\/ld+json\" class=\"yoast-schema-graph\">{\"@context\":\"https:\/\/schema.org\",\"@graph\":[{\"@type\":\"WebPage\",\"@id\":\"https:\/\/rencel.si\/news-2\/\",\"url\":\"https:\/\/rencel.si\/news-2\/\",\"name\":\"News - Ren\u010del\",\"isPartOf\":{\"@id\":\"http:\/\/rencel.si\/en\/#website\"},\"datePublished\":\"2022-08-02T07:40:36+00:00\",\"dateModified\":\"2023-01-24T12:05:20+00:00\",\"description\":\"At Jo\u0161ko Ren\u010del. A wine tasting prepared by Jo\u0161ko Ren\u010del is something you will never forget for the rest of your life. With the vertical of their wines\\\".\",\"breadcrumb\":{\"@id\":\"https:\/\/rencel.si\/news-2\/#breadcrumb\"},\"inLanguage\":\"en-GB\",\"potentialAction\":[{\"@type\":\"ReadAction\",\"target\":[\"https:\/\/rencel.si\/news-2\/\"]}]},{\"@type\":\"BreadcrumbList\",\"@id\":\"https:\/\/rencel.si\/news-2\/#breadcrumb\",\"itemListElement\":[{\"@type\":\"ListItem\",\"position\":1,\"name\":\"Home\",\"item\":\"https:\/\/rencel.si\/\"},{\"@type\":\"ListItem\",\"position\":2,\"name\":\"News\"}]},{\"@type\":\"WebSite\",\"@id\":\"http:\/\/rencel.si\/en\/#website\",\"url\":\"http:\/\/rencel.si\/en\/\",\"name\":\"Ren\u010del\",\"description\":\"Boutique Wines\",\"publisher\":{\"@id\":\"http:\/\/rencel.si\/en\/#organization\"},\"potentialAction\":[{\"@type\":\"SearchAction\",\"target\":{\"@type\":\"EntryPoint\",\"urlTemplate\":\"http:\/\/rencel.si\/en\/?s={search_term_string}\"},\"query-input\":{\"@type\":\"PropertyValueSpecification\",\"valueRequired\":true,\"valueName\":\"search_term_string\"}}],\"inLanguage\":\"en-GB\"},{\"@type\":\"Organization\",\"@id\":\"http:\/\/rencel.si\/en\/#organization\",\"name\":\"Ren\u010del boutique wines\",\"url\":\"http:\/\/rencel.si\/en\/\",\"logo\":{\"@type\":\"ImageObject\",\"inLanguage\":\"en-GB\",\"@id\":\"http:\/\/rencel.si\/en\/#\/schema\/logo\/image\/\",\"url\":\"http:\/\/rencel.si\/wp-content\/uploads\/2020\/03\/rencel-log0-03.png\",\"contentUrl\":\"http:\/\/rencel.si\/wp-content\/uploads\/2020\/03\/rencel-log0-03.png\",\"width\":128,\"height\":85,\"caption\":\"Ren\u010del boutique wines\"},\"image\":{\"@id\":\"http:\/\/rencel.si\/en\/#\/schema\/logo\/image\/\"},\"sameAs\":[\"https:\/\/www.facebook.com\/rencelwines\/\",\"https:\/\/www.instagram.com\/rencel_wines\/\"]}]}<\/script>\n<!-- \/ Yoast SEO plugin. -->","yoast_head_json":{"title":"News - Ren\u010del","description":"At Jo\u0161ko Ren\u010del. A wine tasting prepared by Jo\u0161ko Ren\u010del is something you will never forget for the rest of your life. With the vertical of their wines\".","robots":{"index":"index","follow":"follow","max-snippet":"max-snippet:-1","max-image-preview":"max-image-preview:large","max-video-preview":"max-video-preview:-1"},"canonical":"http:\/\/rencel.si\/en\/news-2\/","og_locale":"en_GB","og_type":"article","og_title":"News - Ren\u010del","og_description":"At Jo\u0161ko Ren\u010del. A wine tasting prepared by Jo\u0161ko Ren\u010del is something you will never forget for the rest of your life. With the vertical of their wines\".","og_url":"http:\/\/rencel.si\/en\/news-2\/","og_site_name":"Ren\u010del","article_publisher":"https:\/\/www.facebook.com\/rencelwines\/","article_modified_time":"2023-01-24T12:05:20+00:00","og_image":[{"width":1201,"height":899,"url":"http:\/\/rencel.si\/wp-content\/uploads\/2022\/07\/rencel-wine-e1657706068289.jpg","type":"image\/jpeg"}],"twitter_card":"summary_large_image","schema":{"@context":"https:\/\/schema.org","@graph":[{"@type":"WebPage","@id":"https:\/\/rencel.si\/news-2\/","url":"https:\/\/rencel.si\/news-2\/","name":"News - Ren\u010del","isPartOf":{"@id":"http:\/\/rencel.si\/en\/#website"},"datePublished":"2022-08-02T07:40:36+00:00","dateModified":"2023-01-24T12:05:20+00:00","description":"At Jo\u0161ko Ren\u010del. A wine tasting prepared by Jo\u0161ko Ren\u010del is something you will never forget for the rest of your life. With the vertical of their wines\".","breadcrumb":{"@id":"https:\/\/rencel.si\/news-2\/#breadcrumb"},"inLanguage":"en-GB","potentialAction":[{"@type":"ReadAction","target":["https:\/\/rencel.si\/news-2\/"]}]},{"@type":"BreadcrumbList","@id":"https:\/\/rencel.si\/news-2\/#breadcrumb","itemListElement":[{"@type":"ListItem","position":1,"name":"Home","item":"https:\/\/rencel.si\/"},{"@type":"ListItem","position":2,"name":"News"}]},{"@type":"WebSite","@id":"http:\/\/rencel.si\/en\/#website","url":"http:\/\/rencel.si\/en\/","name":"Ren\u010del","description":"Boutique Wines","publisher":{"@id":"http:\/\/rencel.si\/en\/#organization"},"potentialAction":[{"@type":"SearchAction","target":{"@type":"EntryPoint","urlTemplate":"http:\/\/rencel.si\/en\/?s={search_term_string}"},"query-input":{"@type":"PropertyValueSpecification","valueRequired":true,"valueName":"search_term_string"}}],"inLanguage":"en-GB"},{"@type":"Organization","@id":"http:\/\/rencel.si\/en\/#organization","name":"Ren\u010del boutique wines","url":"http:\/\/rencel.si\/en\/","logo":{"@type":"ImageObject","inLanguage":"en-GB","@id":"http:\/\/rencel.si\/en\/#\/schema\/logo\/image\/","url":"http:\/\/rencel.si\/wp-content\/uploads\/2020\/03\/rencel-log0-03.png","contentUrl":"http:\/\/rencel.si\/wp-content\/uploads\/2020\/03\/rencel-log0-03.png","width":128,"height":85,"caption":"Ren\u010del boutique wines"},"image":{"@id":"http:\/\/rencel.si\/en\/#\/schema\/logo\/image\/"},"sameAs":["https:\/\/www.facebook.com\/rencelwines\/","https:\/\/www.instagram.com\/rencel_wines\/"]}]}},"_links":{"self":[{"href":"http:\/\/rencel.si\/en\/wp-json\/wp\/v2\/pages\/988585","targetHints":{"allow":["GET"]}}],"collection":[{"href":"http:\/\/rencel.si\/en\/wp-json\/wp\/v2\/pages"}],"about":[{"href":"http:\/\/rencel.si\/en\/wp-json\/wp\/v2\/types\/page"}],"author":[{"embeddable":true,"href":"http:\/\/rencel.si\/en\/wp-json\/wp\/v2\/users\/1"}],"replies":[{"embeddable":true,"href":"http:\/\/rencel.si\/en\/wp-json\/wp\/v2\/comments?post=988585"}],"version-history":[{"count":2,"href":"http:\/\/rencel.si\/en\/wp-json\/wp\/v2\/pages\/988585\/revisions"}],"predecessor-version":[{"id":988979,"href":"http:\/\/rencel.si\/en\/wp-json\/wp\/v2\/pages\/988585\/revisions\/988979"}],"wp:attachment":[{"href":"http:\/\/rencel.si\/en\/wp-json\/wp\/v2\/media?parent=988585"}],"curies":[{"name":"wp","href":"https:\/\/api.w.org\/{rel}","templated":true}]}}